{"id":175,"date":"2021-04-07T23:19:03","date_gmt":"2021-04-07T21:19:03","guid":{"rendered":"https:\/\/wissenschaft-in-der-stadt.de\/biooekonomie\/?post_type=dt_portfolio&#038;p=175"},"modified":"2021-12-02T11:37:55","modified_gmt":"2021-12-02T10:37:55","slug":"siegen","status":"publish","type":"dt_portfolio","link":"https:\/\/wissenschaft-in-der-stadt.de\/biooekonomie\/project\/siegen\/","title":{"rendered":"Siegen"},"content":{"rendered":"<p>[vc_row][vc_column][vc_column_text]<\/p>\r\n<div class=\"wp-block-spacer\" style=\"height: 30px;\" aria-hidden=\"true\">\u00a0<\/div>\r\n<p><br \/><\/p>\r\n<h2 class=\"wp-block-heading\"><strong>AUS ALT MACH (FAST) NEU<\/strong><\/h2>\r\n<p><br \/><\/p>\r\n<div class=\"wp-block-spacer\" style=\"height: 30px;\" aria-hidden=\"true\">\u00a0<\/div>\r\n<p><br \/><\/p>\r\n<div class=\"wp-block-columns is-layout-flex wp-container-core-columns-is-layout-9d6595d7 wp-block-columns-is-layout-flex\">\r\n<div class=\"wp-block-column is-layout-flow wp-block-column-is-layout-flow\" style=\"flex-basis: 20%;\">\u00a0<\/div>\r\n<p><br \/><\/p>\r\n<div class=\"wp-block-column is-layout-flow wp-block-column-is-layout-flow\" style=\"flex-basis: 80%;\">\r\n<h2 class=\"wp-block-heading\">Reparieren und Upcyclen statt wegwerfen<\/h2>\r\n<p><br \/><\/p>\r\n<div class=\"wp-block-spacer\" style=\"height: 15px;\" aria-hidden=\"true\">\u00a0<\/div>\r\n<p><br \/><\/p>\r\n<p class=\"has-text-align-left\"><strong><strong>Eine krisenstabile und zugleich \u00f6kologisch \u00fcberlebensf\u00e4hige Wirtschaft bedarf einer Versorgungsform, die weniger auf schnellem Verschlei\u00df und st\u00e4ndiger (Neu-) Produktion als auf einem Erhalt materieller G\u00fcter gr\u00fcndet<\/strong><\/strong>.<\/p>\r\n<p><br \/><\/p>\r\n<div class=\"wp-block-spacer\" style=\"height: 15px;\" aria-hidden=\"true\">\u00a0<\/div>\r\n<p><br \/><\/p>\r\n<div class=\"wp-block-themepunch-revslider revslider\" data-modal=\"false\" data-slidertitle=\"Siegen\">\r\n<p>[\/vc_column_text][\/vc_column][\/vc_row][vc_row][vc_column]\n\t\t\t<!-- START Siegen REVOLUTION SLIDER 6.5.19 --><p class=\"rs-p-wp-fix\"><\/p>\n\t\t\t<rs-module-wrap id=\"rev_slider_11_1_wrapper\" data-source=\"gallery\" style=\"visibility:hidden;background:transparent;padding:20px;margin:0px auto;margin-top:0;margin-bottom:0;\">\n\t\t\t\t<rs-module id=\"rev_slider_11_1\" style=\"\" data-version=\"6.5.19\">\n\t\t\t\t\t<rs-slides>\n\t\t\t\t\t\t<rs-slide style=\"position: absolute;\" data-key=\"rs-55\" data-title=\"Slide\" data-thumb=\"\/\/wissenschaft-in-der-stadt.de\/biooekonomie\/wp-content\/uploads\/sites\/2\/2021\/04\/08-Schuster-Junk-3-2-21-4138-Bearbeitet-scaled-50x100.jpg\" data-in=\"o:0;\" data-out=\"a:false;\">\n\t\t\t\t\t\t\t<img decoding=\"async\" src=\"\/\/wissenschaft-in-der-stadt.de\/biooekonomie\/wp-content\/plugins\/revslider\/public\/assets\/assets\/dummy.png\" alt=\"\" title=\"Siegen\" class=\"rev-slidebg tp-rs-img rs-lazyload\" data-lazyload=\"\/\/wissenschaft-in-der-stadt.de\/biooekonomie\/wp-content\/uploads\/sites\/2\/2021\/04\/08-Schuster-Junk-3-2-21-4138-Bearbeitet-scaled.jpg\" data-no-retina>\n<!--\n\t\t\t\t\t\t\t--><rs-layer\n\t\t\t\t\t\t\t\tid=\"slider-11-slide-55-layer-0\" \n\t\t\t\t\t\t\t\tdata-type=\"text\"\n\t\t\t\t\t\t\t\tdata-color=\"#fff\"\n\t\t\t\t\t\t\t\tdata-tsh=\"c:#000000;b:3px;\"\n\t\t\t\t\t\t\t\tdata-rsp_ch=\"on\"\n\t\t\t\t\t\t\t\tdata-xy=\"x:20px;y:20px;\"\n\t\t\t\t\t\t\t\tdata-text=\"w:normal;s:16;l:24;ls:1;fw:500;\"\n\t\t\t\t\t\t\t\tdata-dim=\"w:273px;minh:0px;\"\n\t\t\t\t\t\t\t\tdata-frame_999=\"o:0;st:w;\"\n\t\t\t\t\t\t\t\tstyle=\"z-index:9;font-family:'Dosis';\"\n\t\t\t\t\t\t\t><i class=\"fa-copyright\"><\/i> Carsten Schmale \n\t\t\t\t\t\t\t<\/rs-layer><!--\n-->\t\t\t\t\t\t<\/rs-slide>\n\t\t\t\t\t\t<rs-slide style=\"position: absolute;\" data-key=\"rs-57\" data-title=\"Slide\" data-thumb=\"\/\/wissenschaft-in-der-stadt.de\/biooekonomie\/wp-content\/uploads\/sites\/2\/2021\/04\/08-Fahrradwerkstatt-3-2-21-3998-scaled-50x100.jpg\" data-in=\"o:0;\" data-out=\"a:false;\">\n\t\t\t\t\t\t\t<img decoding=\"async\" src=\"\/\/wissenschaft-in-der-stadt.de\/biooekonomie\/wp-content\/plugins\/revslider\/public\/assets\/assets\/dummy.png\" alt=\"\" title=\"Siegen\" class=\"rev-slidebg tp-rs-img rs-lazyload\" data-lazyload=\"\/\/wissenschaft-in-der-stadt.de\/biooekonomie\/wp-content\/uploads\/sites\/2\/2021\/04\/08-Fahrradwerkstatt-3-2-21-3998-scaled.jpg\" data-no-retina>\n<!--\n\t\t\t\t\t\t\t--><rs-layer\n\t\t\t\t\t\t\t\tid=\"slider-11-slide-57-layer-9\" \n\t\t\t\t\t\t\t\tdata-type=\"text\"\n\t\t\t\t\t\t\t\tdata-color=\"#fff\"\n\t\t\t\t\t\t\t\tdata-tsh=\"c:#000000;b:3px;\"\n\t\t\t\t\t\t\t\tdata-rsp_ch=\"on\"\n\t\t\t\t\t\t\t\tdata-xy=\"x:20px;y:20px;\"\n\t\t\t\t\t\t\t\tdata-text=\"w:normal;s:16;l:24;ls:1;fw:500;\"\n\t\t\t\t\t\t\t\tdata-dim=\"w:273px;minh:0px;\"\n\t\t\t\t\t\t\t\tdata-frame_999=\"o:0;st:w;\"\n\t\t\t\t\t\t\t\tstyle=\"z-index:9;font-family:'Dosis';\"\n\t\t\t\t\t\t\t><i class=\"fa-copyright\"><\/i> Carsten Schmale \n\t\t\t\t\t\t\t<\/rs-layer><!--\n\n\t\t\t\t\t\t\t--><rs-layer\n\t\t\t\t\t\t\t\tid=\"slider-11-slide-57-layer-10\" \n\t\t\t\t\t\t\t\tdata-type=\"text\"\n\t\t\t\t\t\t\t\tdata-color=\"#fff\"\n\t\t\t\t\t\t\t\tdata-bsh=\"c:#0c0c0c;h:2px;v:1px;b:2px;\"\n\t\t\t\t\t\t\t\tdata-rsp_ch=\"on\"\n\t\t\t\t\t\t\t\tdata-xy=\"x:17px;y:316px;\"\n\t\t\t\t\t\t\t\tdata-text=\"w:normal;s:20;l:28;ls:1;fw:600;\"\n\t\t\t\t\t\t\t\tdata-dim=\"w:255px;h:68px;minh:0px;\"\n\t\t\t\t\t\t\t\tdata-padding=\"t:6;r:6;b:6;l:6;\"\n\t\t\t\t\t\t\t\tdata-frame_999=\"o:0;st:w;\"\n\t\t\t\t\t\t\t\tstyle=\"z-index:8;background-color:#6aa045;font-family:'Dosis';\"\n\t\t\t\t\t\t\t>Das Rad nicht neu erfinden, <br \/>\nsondern reparieren \n\t\t\t\t\t\t\t<\/rs-layer><!--\n-->\t\t\t\t\t\t<\/rs-slide>\n\t\t\t\t\t\t<rs-slide style=\"position: absolute;\" data-key=\"rs-56\" data-title=\"Slide\" data-thumb=\"\/\/wissenschaft-in-der-stadt.de\/biooekonomie\/wp-content\/uploads\/sites\/2\/2021\/04\/08-Kuenstlerin-Krah-8-2-21-4343-scaled-50x100.jpg\" data-in=\"o:0;\" data-out=\"a:false;\">\n\t\t\t\t\t\t\t<img decoding=\"async\" src=\"\/\/wissenschaft-in-der-stadt.de\/biooekonomie\/wp-content\/plugins\/revslider\/public\/assets\/assets\/dummy.png\" alt=\"\" title=\"Siegen\" class=\"rev-slidebg tp-rs-img rs-lazyload\" data-lazyload=\"\/\/wissenschaft-in-der-stadt.de\/biooekonomie\/wp-content\/uploads\/sites\/2\/2021\/04\/08-Kuenstlerin-Krah-8-2-21-4343-scaled.jpg\" data-no-retina>\n<!--\n\t\t\t\t\t\t\t--><rs-layer\n\t\t\t\t\t\t\t\tid=\"slider-11-slide-56-layer-3\" \n\t\t\t\t\t\t\t\tdata-type=\"text\"\n\t\t\t\t\t\t\t\tdata-color=\"#fff\"\n\t\t\t\t\t\t\t\tdata-bsh=\"c:#0c0c0c;h:2px;v:1px;b:2px;\"\n\t\t\t\t\t\t\t\tdata-rsp_ch=\"on\"\n\t\t\t\t\t\t\t\tdata-xy=\"x:228px;y:337px;\"\n\t\t\t\t\t\t\t\tdata-text=\"w:normal;s:20;l:28;ls:1;fw:600;\"\n\t\t\t\t\t\t\t\tdata-dim=\"w:448px;h:40px;minh:0px;\"\n\t\t\t\t\t\t\t\tdata-padding=\"t:6;r:6;b:6;l:6;\"\n\t\t\t\t\t\t\t\tdata-frame_999=\"o:0;st:w;\"\n\t\t\t\t\t\t\t\tstyle=\"z-index:8;background-color:#6aa045;font-family:'Dosis';\"\n\t\t\t\t\t\t\t>Kreatives Upcycling bringt ein neues Wohngef\u00fchl \n\t\t\t\t\t\t\t<\/rs-layer><!--\n\n\t\t\t\t\t\t\t--><rs-layer\n\t\t\t\t\t\t\t\tid=\"slider-11-slide-56-layer-8\" \n\t\t\t\t\t\t\t\tdata-type=\"text\"\n\t\t\t\t\t\t\t\tdata-color=\"#fff\"\n\t\t\t\t\t\t\t\tdata-tsh=\"c:#000000;b:3px;\"\n\t\t\t\t\t\t\t\tdata-rsp_ch=\"on\"\n\t\t\t\t\t\t\t\tdata-xy=\"x:20px;y:20px;\"\n\t\t\t\t\t\t\t\tdata-text=\"w:normal;s:16;l:24;ls:1;fw:500;\"\n\t\t\t\t\t\t\t\tdata-dim=\"w:273px;minh:0px;\"\n\t\t\t\t\t\t\t\tdata-frame_999=\"o:0;st:w;\"\n\t\t\t\t\t\t\t\tstyle=\"z-index:9;font-family:'Dosis';\"\n\t\t\t\t\t\t\t><i class=\"fa-copyright\"><\/i> Carsten Schmale \n\t\t\t\t\t\t\t<\/rs-layer><!--\n-->\t\t\t\t\t\t<\/rs-slide>\n\t\t\t\t\t\t<rs-slide style=\"position: absolute;\" data-key=\"rs-58\" data-title=\"Slide\" data-thumb=\"\/\/wissenschaft-in-der-stadt.de\/biooekonomie\/wp-content\/uploads\/sites\/2\/2021\/04\/08-Antiquitaeten-Jacob-3-2-21-4125-Bearbeitet-scaled-50x100.jpg\" data-in=\"o:0;\" data-out=\"a:false;\">\n\t\t\t\t\t\t\t<img decoding=\"async\" src=\"\/\/wissenschaft-in-der-stadt.de\/biooekonomie\/wp-content\/plugins\/revslider\/public\/assets\/assets\/dummy.png\" alt=\"\" title=\"Siegen\" class=\"rev-slidebg tp-rs-img rs-lazyload\" data-lazyload=\"\/\/wissenschaft-in-der-stadt.de\/biooekonomie\/wp-content\/uploads\/sites\/2\/2021\/04\/08-Antiquitaeten-Jacob-3-2-21-4125-Bearbeitet-scaled.jpg\" data-no-retina>\n<!--\n\t\t\t\t\t\t\t--><rs-layer\n\t\t\t\t\t\t\t\tid=\"slider-11-slide-58-layer-6\" \n\t\t\t\t\t\t\t\tdata-type=\"text\"\n\t\t\t\t\t\t\t\tdata-color=\"#fff\"\n\t\t\t\t\t\t\t\tdata-tsh=\"c:#000000;b:3px;\"\n\t\t\t\t\t\t\t\tdata-rsp_ch=\"on\"\n\t\t\t\t\t\t\t\tdata-xy=\"x:20px;y:20px;\"\n\t\t\t\t\t\t\t\tdata-text=\"w:normal;s:16;l:24;ls:1;fw:500;\"\n\t\t\t\t\t\t\t\tdata-dim=\"w:273px;minh:0px;\"\n\t\t\t\t\t\t\t\tdata-frame_999=\"o:0;st:w;\"\n\t\t\t\t\t\t\t\tstyle=\"z-index:9;font-family:'Dosis';\"\n\t\t\t\t\t\t\t><i class=\"fa-copyright\"><\/i> Carsten Schmale \n\t\t\t\t\t\t\t<\/rs-layer><!--\n\n\t\t\t\t\t\t\t--><rs-layer\n\t\t\t\t\t\t\t\tid=\"slider-11-slide-58-layer-7\" \n\t\t\t\t\t\t\t\tdata-type=\"text\"\n\t\t\t\t\t\t\t\tdata-color=\"#fff\"\n\t\t\t\t\t\t\t\tdata-bsh=\"c:#0c0c0c;h:2px;v:1px;b:2px;\"\n\t\t\t\t\t\t\t\tdata-rsp_ch=\"on\"\n\t\t\t\t\t\t\t\tdata-xy=\"x:16px;y:341px;\"\n\t\t\t\t\t\t\t\tdata-text=\"w:normal;s:20;l:28;ls:1;fw:600;\"\n\t\t\t\t\t\t\t\tdata-dim=\"w:468px;h:40px;minh:0px;\"\n\t\t\t\t\t\t\t\tdata-padding=\"t:6;r:6;b:6;l:6;\"\n\t\t\t\t\t\t\t\tdata-frame_999=\"o:0;st:w;\"\n\t\t\t\t\t\t\t\tstyle=\"z-index:8;background-color:#6aa045;font-family:'Dosis';\"\n\t\t\t\t\t\t\t>Restauration gibt alten M\u00f6beln einen schicken Look \n\t\t\t\t\t\t\t<\/rs-layer><!--\n-->\t\t\t\t\t\t<\/rs-slide>\n\t\t\t\t\t<\/rs-slides>\n\t\t\t\t<\/rs-module>\n\t\t\t\t<script>\n\t\t\t\t\tsetREVStartSize({c: 'rev_slider_11_1',rl:[1240,1024,778,480],el:[400],gw:[700],gh:[400],type:'carousel',justify:'',layout:'fullwidth',mh:\"0\"});if (window.RS_MODULES!==undefined && window.RS_MODULES.modules!==undefined && window.RS_MODULES.modules[\"revslider111\"]!==undefined) {window.RS_MODULES.modules[\"revslider111\"].once = false;window.revapi11 = undefined;if (window.RS_MODULES.checkMinimal!==undefined) window.RS_MODULES.checkMinimal()}\n\t\t\t\t<\/script>\n\t\t\t<\/rs-module-wrap>\n\t\t\t<!-- END REVOLUTION SLIDER -->\n[\/vc_column][\/vc_row][vc_row][vc_column][vc_column_text]<\/p>\r\n\r\n<p>Wenn es gel\u00e4nge, die Nutzungsdauer von Gebrauchsgegenst\u00e4nden durch Reparaturaktivit\u00e4ten im Durchschnitt zu verdoppeln, k\u00f6nnte nicht nur der Ressourcenbedarf, sondern auch das mindestens erforderliche Einkommen, um \u00fcber Konsumg\u00fcter zu verf\u00fcgen, halbiert werden. M\u00e4rkte f\u00fcr Reparatur, Instandhaltung und Aufarbeitung (Upcycling) st\u00e4rken eine lokale, auf handwerklichen Kompetenzen beruhende \u00d6konomie. Damit werden globale Abh\u00e4ngigkeiten und Konkurrenzbeziehungen verringert. Zus\u00e4tzlich kann eine Kultur des achtsamen Umgangs mit G\u00fctern und der eigenst\u00e4ndigen Nutzungsdauerverl\u00e4ngerung die Zivilgesellschaft aktivieren, etwa durch Repair Cafes, offene Werkst\u00e4tten, kommunale Ressourcenzentren und eine Integration der Reparaturpraxis in Prozesse der Bildung und des Erfahrungsaustauschs.<\/p>\r\n\r\n<p><em><a href=\"http:\/\/uni-siegen.de\/zsb\/studienangebot\/master\/pluraleoekonomik.html\" target=\"_blank\" rel=\"noreferrer noopener\">M<\/a><a href=\"http:\/\/uni-siegen.de\/zsb\/studienangebot\/master\/pluraleoekonomik.html\" target=\"_blank\" rel=\"noreferrer noopener\">ehr Informationen finden Sie unter diesem Link.<\/a><\/em><\/p>\r\n \r\n<figure class=\"wp-block-embed is-type-video is-provider-youtube wp-block-embed-youtube wp-embed-aspect-16-9 wp-has-aspect-ratio\"><\/figure>\r\n<p>&nbsp;<\/p>\r\n<div class=\"wp-block-spacer\" style=\"height: 30px;\" aria-hidden=\"true\">\u00a0<\/div>\r\n<br \/><p>[\/vc_column_text][vc_video link=&#8220;https:\/\/youtu.be\/_GZCeIGUfDA&#8220; title=&#8220;Vorstellung bei der Pressekonferenz&#8220;][vc_video link=&#8220;https:\/\/youtu.be\/Lsza6xBaFAM&#8220; title=&#8220;Digitaler St\u00e4dtef\u00fchrer&#8220;][\/vc_column][\/vc_row][vc_row disable_element=&#8220;yes&#8220;][vc_column]<div class=\"mec-wrap mec-skin-list-container  \" id=\"mec_skin_770\">\r\n    \r\n    \r\n        <div class=\"mec-skin-list-events-container\" id=\"mec_skin_events_770\">\r\n        Keine Veranstaltung gefunden!    <\/div>\r\n        \r\n        \r\n<\/div>[\/vc_column][\/vc_row][vc_row][vc_column][vc_column_text]<\/p>\n<br \/><\/p>\r\n<div class=\"wp-block-spacer\" style=\"height: 30px;\" aria-hidden=\"true\">\u00a0<\/div>\r\n<p><br \/><\/p>\r\n<hr class=\"wp-block-separator has-text-color has-background has-dark-gray-background-color has-dark-gray-color is-style-wide mb-4\" \/>\r\n<p><br \/><\/p>\r\n<h2 class=\"wp-block-heading\"><strong>Universit\u00e4t Siegen | Haus der Wissenschaft<\/strong><\/h2>\r\n<p><br \/><\/p>\r\n<div class=\"wp-block-spacer\" style=\"height: 30px;\" aria-hidden=\"true\">\u00a0<\/div>\r\n<p><br \/><\/p>\r\n<div class=\"wp-block-columns is-layout-flex wp-container-core-columns-is-layout-9d6595d7 wp-block-columns-is-layout-flex\">\r\n<div class=\"wp-block-column is-layout-flow wp-block-column-is-layout-flow\" style=\"flex-basis: 20%;\">\u00a0<\/div>\r\n<p><br \/><\/p>\r\n<div class=\"wp-block-column is-layout-flow wp-block-column-is-layout-flow\">\r\n<p>Seit 2015 organisiert das Haus der Wissenschaft der Universit\u00e4t Siegen Wissen(schafts)transfer in eine breite gesellschaftliche \u00d6ffentlichkeit. Zu den Formaten geh\u00f6ren die Mittwochsakademie (B\u00fcrgeruniversit\u00e4t), die Vortragsreihe \u201eForum Siegen\u201c, die Lesungsreihen Poetry@Rubens, YoungPoetry@Rubens und InternationalPoetry@Rubens sowie die Kinderuni Siegen. Das HDW ist zudem Experimentierplattform f\u00fcr innovative Formate des Wissen(schafts)transfers, bei denen die Partizipation f\u00fcr Menschen in der Lebensspanne von der Grundschule bis ins hohe Alter im Sinne eines gemeinsamen Forschens und Lernens mit Blick auf die Gestaltung unserer Mit-Welt an Bedeutung gewinnt. Das HdW Siegen ist dem Prorektorat Internationales und Lebenslanges Lernen zugeordnet.<\/p>\r\n<p>\r\n\r\n<strong>Kontakt<\/strong><\/p>\r\n<p>\r\n\r\nKatja Knoche<br \/>Obergraben 23<br \/>57072 Siegen<\/p>\r\n<p><br \/><\/p>\r\n<div class=\"wp-block-spacer\" style=\"height: 30px;\" aria-hidden=\"true\">\u00a0<\/div>\r\n<p><br \/><\/p>\r\n<div class=\"wp-block-columns is-layout-flex wp-container-core-columns-is-layout-9d6595d7 wp-block-columns-is-layout-flex\">\r\n<div class=\"wp-block-column is-layout-flow wp-block-column-is-layout-flow\">\r\n<figure class=\"wp-block-image size-large is-resized\"><img loading=\"lazy\" decoding=\"async\" class=\"wp-image-671\" src=\"https:\/\/wissenschaft-in-der-stadt.de\/biooekonomie\/wp-content\/uploads\/sites\/2\/2021\/04\/uni-siegen_farbig_-01_1080x500-1024x474.jpg\" alt=\"\" width=\"256\" height=\"119\" srcset=\"https:\/\/wissenschaft-in-der-stadt.de\/biooekonomie\/wp-content\/uploads\/sites\/2\/2021\/04\/uni-siegen_farbig_-01_1080x500-1024x474.jpg 1024w, https:\/\/wissenschaft-in-der-stadt.de\/biooekonomie\/wp-content\/uploads\/sites\/2\/2021\/04\/uni-siegen_farbig_-01_1080x500-300x139.jpg 300w, https:\/\/wissenschaft-in-der-stadt.de\/biooekonomie\/wp-content\/uploads\/sites\/2\/2021\/04\/uni-siegen_farbig_-01_1080x500-768x356.jpg 768w, https:\/\/wissenschaft-in-der-stadt.de\/biooekonomie\/wp-content\/uploads\/sites\/2\/2021\/04\/uni-siegen_farbig_-01_1080x500.jpg 1080w\" sizes=\"auto, (max-width: 256px) 100vw, 256px\" \/><\/figure>\r\n<p><\/p>\r\n<\/div>\r\n<p><br \/><\/p>\r\n<div class=\"wp-block-column is-layout-flow wp-block-column-is-layout-flow\">\u00a0<\/div>\r\n<p><\/p>\r\n<\/div>\r\n<p><br \/><\/p>\r\n<div class=\"wp-block-buttons is-layout-flex wp-block-buttons-is-layout-flex\">\r\n<div class=\"wp-block-button has-custom-width wp-block-button__width-25\"><a class=\"wp-block-button__link has-dark-gray-color has-accent-background-color has-text-color has-background\" style=\"border-radius: 10px;\" href=\"www.uni-siegen.de\/wissensstadt\" target=\"_blank\" rel=\"noreferrer noopener\">ZUR WEBSITE<\/a><\/div>\r\n<p><\/p>\r\n<\/div>\r\n<p><\/p>\r\n<\/div>\r\n<p><\/p>\r\n<\/div>\r\n<p>[\/vc_column_text][\/vc_column][\/vc_row]<\/p>\r\n<\/div>\r\n<\/div>\r\n<\/div>","protected":false},"excerpt":{"rendered":"<p>[vc_row][vc_column][vc_column_text] AUS ALT MACH (FAST) NEU \u00a0 Reparieren und Upcyclen statt wegwerfen Eine krisenstabile und zugleich \u00f6kologisch \u00fcberlebensf\u00e4hige Wirtschaft bedarf einer Versorgungsform, die weniger auf schnellem Verschlei\u00df und st\u00e4ndiger (Neu-) Produktion als auf einem Erhalt materieller G\u00fcter gr\u00fcndet. Wenn es gel\u00e4nge, die Nutzungsdauer von Gebrauchsgegenst\u00e4nden durch Reparaturaktivit\u00e4ten im Durchschnitt zu verdoppeln, k\u00f6nnte nicht nur der&hellip;<\/p>\n","protected":false},"author":1,"featured_media":41,"template":"","dt_portfolio_category":[23],"dt_portfolio_tags":[],"class_list":["post-175","dt_portfolio","type-dt_portfolio","status-publish","has-post-thumbnail","hentry","dt_portfolio_category-auf-startseite","dt_portfolio_category-23","description-off"],"_links":{"self":[{"href":"https:\/\/wissenschaft-in-der-stadt.de\/biooekonomie\/wp-json\/wp\/v2\/dt_portfolio\/175","targetHints":{"allow":["GET"]}}],"collection":[{"href":"https:\/\/wissenschaft-in-der-stadt.de\/biooekonomie\/wp-json\/wp\/v2\/dt_portfolio"}],"about":[{"href":"https:\/\/wissenschaft-in-der-stadt.de\/biooekonomie\/wp-json\/wp\/v2\/types\/dt_portfolio"}],"author":[{"embeddable":true,"href":"https:\/\/wissenschaft-in-der-stadt.de\/biooekonomie\/wp-json\/wp\/v2\/users\/1"}],"version-history":[{"count":17,"href":"https:\/\/wissenschaft-in-der-stadt.de\/biooekonomie\/wp-json\/wp\/v2\/dt_portfolio\/175\/revisions"}],"predecessor-version":[{"id":1098,"href":"https:\/\/wissenschaft-in-der-stadt.de\/biooekonomie\/wp-json\/wp\/v2\/dt_portfolio\/175\/revisions\/1098"}],"wp:featuredmedia":[{"embeddable":true,"href":"https:\/\/wissenschaft-in-der-stadt.de\/biooekonomie\/wp-json\/wp\/v2\/media\/41"}],"wp:attachment":[{"href":"https:\/\/wissenschaft-in-der-stadt.de\/biooekonomie\/wp-json\/wp\/v2\/media?parent=175"}],"wp:term":[{"taxonomy":"dt_portfolio_category","embeddable":true,"href":"https:\/\/wissenschaft-in-der-stadt.de\/biooekonomie\/wp-json\/wp\/v2\/dt_portfolio_category?post=175"},{"taxonomy":"dt_portfolio_tags","embeddable":true,"href":"https:\/\/wissenschaft-in-der-stadt.de\/biooekonomie\/wp-json\/wp\/v2\/dt_portfolio_tags?post=175"}],"curies":[{"name":"wp","href":"https:\/\/api.w.org\/{rel}","templated":true}]}}